{"id":8219,"date":"2021-10-19T13:18:00","date_gmt":"2021-10-19T12:18:00","guid":{"rendered":"https:\/\/balmardi.ch\/?page_id=8219"},"modified":"2021-10-25T09:53:00","modified_gmt":"2021-10-25T08:53:00","slug":"lac-noir-col-du-chamois-19-10-2021-an-ja-jf3-ma-mo-mr-ni-xa-yv","status":"publish","type":"page","link":"https:\/\/balmardi.ch\/index.php\/lac-noir-col-du-chamois-19-10-2021-an-ja-jf3-ma-mo-mr-ni-xa-yv\/","title":{"rendered":"Lac Noir col du Chamois (19.10.2021: An Ja Jf(+3) Ma Mo Mr Ni Xa Yv)"},"content":{"rendered":"\n<h3 style=\"text-align: center;\"><a href=\"https:\/\/map.schweizmobil.ch\/?lang=fr&amp;bgLayer=pk&amp;resolution=6&amp;season=summer&amp;E=2586432&amp;N=1166695&amp;photos=yes&amp;logo=yes&amp;detours=yes&amp;trackId=591627825\" target=\"_blank\" rel=\"noopener\">Lac Noir col du Chamois<\/a><\/h3>\n<p style=\"text-align: center;\">Distance: 9520m D\u00e9nivellation: 859m Dur\u00e9e: 4h07<br \/>Tour des R\u00e9cardets. Stationnement au Lac Noir au fond \u00e0 gauche derni\u00e8re place de parc avant le pont sur le Seeweidbach.<br \/><strong>Photos du 19 octobre 2021:<br \/><style id=\"bwg-style-0\">    #bwg_container1_0 #bwg_container2_0 .bwg-container-0.bwg-standard-thumbnails {      width: 454px;              justify-content: center;        margin:0 auto !important;              background-color: rgba(255, 255, 255, 0.00);            padding-left: 4px;      padding-top: 4px;      max-width: 100%;            }        #bwg_container1_0 #bwg_container2_0 .bwg-container-0.bwg-standard-thumbnails .bwg-item {    justify-content: flex-start;      max-width: 90px;            width: 90px !important;          }    #bwg_container1_0 #bwg_container2_0 .bwg-container-0.bwg-standard-thumbnails .bwg-item a {       margin-right: 4px;       margin-bottom: 4px;    }    #bwg_container1_0 #bwg_container2_0 .bwg-container-0.bwg-standard-thumbnails .bwg-item0 {      padding: 0px;            background-color:rgba(255,255,255, 0.30);      border: 0px none #CCCCCC;      opacity: 1.00;      border-radius: 0;      box-shadow: 0px 0px 0px #888888;    }    #bwg_container1_0 #bwg_container2_0 .bwg-container-0.bwg-standard-thumbnails .bwg-item1 img {      max-height: none;      max-width: none;      padding: 0 !important;    }        @media only screen and (min-width: 480px) {      #bwg_container1_0 #bwg_container2_0 .bwg-container-0.bwg-standard-thumbnails .bwg-item0 {        transition: all 0.3s ease 0s;-webkit-transition: all 0.3s ease 0s;      }      #bwg_container1_0 #bwg_container2_0 .bwg-container-0.bwg-standard-thumbnails .bwg-item0:hover {        -ms-transform: scale(1.1);        -webkit-transform: scale(1.1);        transform: scale(1.1);      }    }          #bwg_container1_0 #bwg_container2_0 .bwg-container-0.bwg-standard-thumbnails .bwg-item1 {      padding-top: 50%;    }        #bwg_container1_0 #bwg_container2_0 .bwg-container-0.bwg-standard-thumbnails .bwg-title1 {      position: absolute;      top: 0;      z-index: 100;      width: 100%;      height: 100%;      display: flex;      justify-content: center;      align-content: center;      flex-direction: column;      opacity: 0;    }\t      #bwg_container1_0 #bwg_container2_0 .bwg-container-0.bwg-standard-thumbnails .bwg-title2,    #bwg_container1_0 #bwg_container2_0 .bwg-container-0.bwg-standard-thumbnails .bwg-ecommerce2 {      color: #FFFFFF;      font-family: segoe ui;      font-size: 16px;      font-weight: bold;      padding: 2px;      text-shadow: 0px 0px 0px #888888;      max-height: 100%;    }    #bwg_container1_0 #bwg_container2_0 .bwg-container-0.bwg-standard-thumbnails .bwg-thumb-description span {    color: #323A45;    font-family: Ubuntu;    font-size: 12px;    max-height: 100%;    word-wrap: break-word;    }    #bwg_container1_0 #bwg_container2_0 .bwg-container-0.bwg-standard-thumbnails .bwg-play-icon2 {      font-size: 32px;    }    #bwg_container1_0 #bwg_container2_0 .bwg-container-0.bwg-standard-thumbnails .bwg-ecommerce2 {      font-size: 19.2px;      color: #CCCCCC;    }    <\/style>    <div id=\"bwg_container1_0\"         class=\"bwg_container bwg_thumbnail bwg_thumbnails \"         data-right-click-protection=\"0\"         data-bwg=\"0\"         data-scroll=\"0\"         data-gallery-type=\"thumbnails\"         data-gallery-view-type=\"thumbnails\"         data-current-url=\"\/index.php\/wp-json\/wp\/v2\/pages\/8219\"         data-lightbox-url=\"https:\/\/balmardi.ch\/wp-admin\/admin-ajax.php?action=GalleryBox&#038;current_view=0&#038;gallery_id=545&#038;tag=0&#038;theme_id=1&#038;shortcode_id=1004&#038;sort_by=order&#038;order_by=asc&#038;current_url=%2Findex.php%2Fwp-json%2Fwp%2Fv2%2Fpages%2F8219\"         data-gallery-id=\"545\"         data-popup-width=\"800\"         data-popup-height=\"500\"         data-is-album=\"gallery\"         data-buttons-position=\"bottom\">      <div id=\"bwg_container2_0\">             <div id=\"ajax_loading_0\" class=\"bwg_loading_div_1\">      <div class=\"bwg_loading_div_2\">        <div class=\"bwg_loading_div_3\">          <div id=\"loading_div_0\" class=\"bwg_spider_ajax_loading\">          <\/div>        <\/div>      <\/div>    <\/div>            <form id=\"gal_front_form_0\"              class=\"bwg-hidden\"              method=\"post\"              action=\"#\"              data-current=\"0\"              data-shortcode-id=\"1004\"              data-gallery-type=\"thumbnails\"              data-gallery-id=\"545\"              data-tag=\"0\"              data-album-id=\"0\"              data-theme-id=\"1\"              data-ajax-url=\"https:\/\/balmardi.ch\/wp-admin\/admin-ajax.php?action=bwg_frontend_data\">          <div id=\"bwg_container3_0\" class=\"bwg-background bwg-background-0\">                <div data-max-count=\"5\"         data-thumbnail-width=\"90\"         data-bwg=\"0\"         data-gallery-id=\"545\"         data-lightbox-url=\"https:\/\/balmardi.ch\/wp-admin\/admin-ajax.php?action=GalleryBox&amp;current_view=0&amp;gallery_id=545&amp;tag=0&amp;theme_id=1&amp;shortcode_id=1004&amp;sort_by=order&amp;order_by=asc&amp;current_url=%2Findex.php%2Fwp-json%2Fwp%2Fv2%2Fpages%2F8219\"         id=\"bwg_thumbnails_0\"         class=\"bwg-container-0 bwg-thumbnails bwg-standard-thumbnails bwg-container bwg-border-box\">            <div class=\"bwg-item\">        <a class=\"bwg-a  bwg_lightbox\"  data-image-id=\"15736\" href=\"https:\/\/balmardi.ch\/wp-content\/uploads\/photo-gallery\/imported_from_media_libray\/211019_Lac-Noir-col-du-Chamois-1-scaled.jpg?bwg=1635150098\" data-elementor-open-lightbox=\"no\">                <div class=\"bwg-item0 \">          <div class=\"bwg-item1 \">            <div class=\"bwg-item2\">              <img decoding=\"async\" class=\"skip-lazy bwg_standart_thumb_img_0 \"                   data-id=\"15736\"                   data-width=\"225\"                   data-height=\"300\"                   data-src=\"https:\/\/balmardi.ch\/wp-content\/uploads\/photo-gallery\/imported_from_media_libray\/thumb\/211019_Lac-Noir-col-du-Chamois-1-scaled.jpg?bwg=1635150098\"                   src=\"https:\/\/balmardi.ch\/wp-content\/uploads\/photo-gallery\/imported_from_media_libray\/thumb\/211019_Lac-Noir-col-du-Chamois-1-scaled.jpg?bwg=1635150098\"                   alt=\"D\u00e9part du Lac Noir Seeweid\"                   title=\"D\u00e9part du Lac Noir Seeweid\" \/>            <\/div>            <div class=\"\">              <div class=\"bwg-title1\"><div class=\"bwg-title2\">D\u00e9part du Lac Noir Seeweid<\/div><\/div>                                        <\/div>          <\/div>        <\/div>                        <\/a>              <\/div>            <div class=\"bwg-item\">        <a class=\"bwg-a  bwg_lightbox\"  data-image-id=\"15734\" href=\"https:\/\/balmardi.ch\/wp-content\/uploads\/photo-gallery\/imported_from_media_libray\/211019_Lac-Noir-col-du-Chamois-2-scaled.jpg?bwg=1635150098\" data-elementor-open-lightbox=\"no\">                <div class=\"bwg-item0 \">          <div class=\"bwg-item1 \">            <div class=\"bwg-item2\">              <img decoding=\"async\" class=\"skip-lazy bwg_standart_thumb_img_0 \"                   data-id=\"15734\"                   data-width=\"300\"                   data-height=\"225\"                   data-src=\"https:\/\/balmardi.ch\/wp-content\/uploads\/photo-gallery\/imported_from_media_libray\/thumb\/211019_Lac-Noir-col-du-Chamois-2-scaled.jpg?bwg=1635150098\"                   src=\"https:\/\/balmardi.ch\/wp-content\/uploads\/photo-gallery\/imported_from_media_libray\/thumb\/211019_Lac-Noir-col-du-Chamois-2-scaled.jpg?bwg=1635150098\"                   alt=\"Unteri Rippa\"                   title=\"Unteri Rippa\" \/>            <\/div>            <div class=\"\">              <div class=\"bwg-title1\"><div class=\"bwg-title2\">Unteri Rippa<\/div><\/div>                                        <\/div>          <\/div>        <\/div>                        <\/a>              <\/div>            <div class=\"bwg-item\">        <a class=\"bwg-a  bwg_lightbox\"  data-image-id=\"15732\" href=\"https:\/\/balmardi.ch\/wp-content\/uploads\/photo-gallery\/imported_from_media_libray\/211019_Lac-Noir-col-du-Chamois-3-scaled.jpg?bwg=1635150098\" data-elementor-open-lightbox=\"no\">                <div class=\"bwg-item0 \">          <div class=\"bwg-item1 \">            <div class=\"bwg-item2\">              <img decoding=\"async\" class=\"skip-lazy bwg_standart_thumb_img_0 \"                   data-id=\"15732\"                   data-width=\"300\"                   data-height=\"225\"                   data-src=\"https:\/\/balmardi.ch\/wp-content\/uploads\/photo-gallery\/imported_from_media_libray\/thumb\/211019_Lac-Noir-col-du-Chamois-3-scaled.jpg?bwg=1635150098\"                   src=\"https:\/\/balmardi.ch\/wp-content\/uploads\/photo-gallery\/imported_from_media_libray\/thumb\/211019_Lac-Noir-col-du-Chamois-3-scaled.jpg?bwg=1635150098\"                   alt=\"Encore\"                   title=\"Encore\" \/>            <\/div>            <div class=\"\">              <div class=\"bwg-title1\"><div class=\"bwg-title2\">Encore<\/div><\/div>                                        <\/div>          <\/div>        <\/div>                        <\/a>              <\/div>            <div class=\"bwg-item\">        <a class=\"bwg-a  bwg_lightbox\"  data-image-id=\"15713\" href=\"https:\/\/balmardi.ch\/wp-content\/uploads\/photo-gallery\/imported_from_media_libray\/211019_Lac-Noir-col-du-Chamois.jpeg?bwg=1635150097\" data-elementor-open-lightbox=\"no\">                <div class=\"bwg-item0 \">          <div class=\"bwg-item1 \">            <div class=\"bwg-item2\">              <img decoding=\"async\" class=\"skip-lazy bwg_standart_thumb_img_0 \"                   data-id=\"15713\"                   data-width=\"2048\"                   data-height=\"1880\"                   data-src=\"https:\/\/balmardi.ch\/wp-content\/uploads\/photo-gallery\/imported_from_media_libray\/thumb\/211019_Lac-Noir-col-du-Chamois.jpeg?bwg=1635150097\"                   src=\"https:\/\/balmardi.ch\/wp-content\/uploads\/photo-gallery\/imported_from_media_libray\/thumb\/211019_Lac-Noir-col-du-Chamois.jpeg?bwg=1635150097\"                   alt=\"Les vedettes \"                   title=\"Les vedettes \" \/>            <\/div>            <div class=\"\">              <div class=\"bwg-title1\"><div class=\"bwg-title2\">Les vedettes <\/div><\/div>                                        <\/div>          <\/div>        <\/div>                        <\/a>              <\/div>            <div class=\"bwg-item\">        <a class=\"bwg-a  bwg_lightbox\"  data-image-id=\"15728\" href=\"https:\/\/balmardi.ch\/wp-content\/uploads\/photo-gallery\/imported_from_media_libray\/211019_Lac-Noir-col-du-Chamois-5.jpg?bwg=1635150098\" data-elementor-open-lightbox=\"no\">                <div class=\"bwg-item0 \">          <div class=\"bwg-item1 \">            <div class=\"bwg-item2\">              <img decoding=\"async\" class=\"skip-lazy bwg_standart_thumb_img_0 \"                   data-id=\"15728\"                   data-width=\"227\"                   data-height=\"300\"                   data-src=\"https:\/\/balmardi.ch\/wp-content\/uploads\/photo-gallery\/imported_from_media_libray\/thumb\/211019_Lac-Noir-col-du-Chamois-5.jpg?bwg=1635150098\"                   src=\"https:\/\/balmardi.ch\/wp-content\/uploads\/photo-gallery\/imported_from_media_libray\/thumb\/211019_Lac-Noir-col-du-Chamois-5.jpg?bwg=1635150098\"                   alt=\"de la journ\u00e9e!\"                   title=\"de la journ\u00e9e!\" \/>            <\/div>            <div class=\"\">              <div class=\"bwg-title1\"><div class=\"bwg-title2\">de la journ\u00e9e!<\/div><\/div>                                        <\/div>          <\/div>        <\/div>                        <\/a>              <\/div>            <div class=\"bwg-item\">        <a class=\"bwg-a  bwg_lightbox\"  data-image-id=\"15719\" href=\"https:\/\/balmardi.ch\/wp-content\/uploads\/photo-gallery\/imported_from_media_libray\/211019_Lac-Noir-col-du-Chamois-An-3.jpg?bwg=1635150098\" data-elementor-open-lightbox=\"no\">                <div class=\"bwg-item0 \">          <div class=\"bwg-item1 \">            <div class=\"bwg-item2\">              <img decoding=\"async\" class=\"skip-lazy bwg_standart_thumb_img_0 \"                   data-id=\"15719\"                   data-width=\"300\"                   data-height=\"225\"                   data-src=\"https:\/\/balmardi.ch\/wp-content\/uploads\/photo-gallery\/imported_from_media_libray\/thumb\/211019_Lac-Noir-col-du-Chamois-An-3.jpg?bwg=1635150098\"                   src=\"https:\/\/balmardi.ch\/wp-content\/uploads\/photo-gallery\/imported_from_media_libray\/thumb\/211019_Lac-Noir-col-du-Chamois-An-3.jpg?bwg=1635150098\"                   alt=\"Et enfin le col du Chamois \"                   title=\"Et enfin le col du Chamois \" \/>            <\/div>            <div class=\"\">              <div class=\"bwg-title1\"><div class=\"bwg-title2\">Et enfin le col du Chamois <\/div><\/div>                                        <\/div>          <\/div>        <\/div>                        <\/a>              <\/div>            <div class=\"bwg-item\">        <a class=\"bwg-a  bwg_lightbox\"  data-image-id=\"15717\" href=\"https:\/\/balmardi.ch\/wp-content\/uploads\/photo-gallery\/imported_from_media_libray\/211019_Lac-Noir-col-du-Chamois-An-5.jpg?bwg=1635150098\" data-elementor-open-lightbox=\"no\">                <div class=\"bwg-item0 \">          <div class=\"bwg-item1 \">            <div class=\"bwg-item2\">              <img decoding=\"async\" class=\"skip-lazy bwg_standart_thumb_img_0 \"                   data-id=\"15717\"                   data-width=\"300\"                   data-height=\"225\"                   data-src=\"https:\/\/balmardi.ch\/wp-content\/uploads\/photo-gallery\/imported_from_media_libray\/thumb\/211019_Lac-Noir-col-du-Chamois-An-5.jpg?bwg=1635150098\"                   src=\"https:\/\/balmardi.ch\/wp-content\/uploads\/photo-gallery\/imported_from_media_libray\/thumb\/211019_Lac-Noir-col-du-Chamois-An-5.jpg?bwg=1635150098\"                   alt=\"avec Patraflon\"                   title=\"avec Patraflon\" \/>            <\/div>            <div class=\"\">              <div class=\"bwg-title1\"><div class=\"bwg-title2\">avec Patraflon<\/div><\/div>                                        <\/div>          <\/div>        <\/div>                        <\/a>              <\/div>            <div class=\"bwg-item\">        <a class=\"bwg-a  bwg_lightbox\"  data-image-id=\"15716\" href=\"https:\/\/balmardi.ch\/wp-content\/uploads\/photo-gallery\/imported_from_media_libray\/211019_Lac-Noir-col-du-Chamois-An-6.jpg?bwg=1635150097\" data-elementor-open-lightbox=\"no\">                <div class=\"bwg-item0 \">          <div class=\"bwg-item1 \">            <div class=\"bwg-item2\">              <img decoding=\"async\" class=\"skip-lazy bwg_standart_thumb_img_0 \"                   data-id=\"15716\"                   data-width=\"300\"                   data-height=\"225\"                   data-src=\"https:\/\/balmardi.ch\/wp-content\/uploads\/photo-gallery\/imported_from_media_libray\/thumb\/211019_Lac-Noir-col-du-Chamois-An-6.jpg?bwg=1635150097\"                   src=\"https:\/\/balmardi.ch\/wp-content\/uploads\/photo-gallery\/imported_from_media_libray\/thumb\/211019_Lac-Noir-col-du-Chamois-An-6.jpg?bwg=1635150097\"                   alt=\"la chaine en face (...flue)\"                   title=\"la chaine en face (...flue)\" \/>            <\/div>            <div class=\"\">              <div class=\"bwg-title1\"><div class=\"bwg-title2\">la chaine en face (...flue)<\/div><\/div>                                        <\/div>          <\/div>        <\/div>                        <\/a>              <\/div>            <div class=\"bwg-item\">        <a class=\"bwg-a  bwg_lightbox\"  data-image-id=\"15715\" href=\"https:\/\/balmardi.ch\/wp-content\/uploads\/photo-gallery\/imported_from_media_libray\/211019_Lac-Noir-col-du-Chamois-An-7.jpg?bwg=1635150097\" data-elementor-open-lightbox=\"no\">                <div class=\"bwg-item0 \">          <div class=\"bwg-item1 \">            <div class=\"bwg-item2\">              <img decoding=\"async\" class=\"skip-lazy bwg_standart_thumb_img_0 \"                   data-id=\"15715\"                   data-width=\"300\"                   data-height=\"225\"                   data-src=\"https:\/\/balmardi.ch\/wp-content\/uploads\/photo-gallery\/imported_from_media_libray\/thumb\/211019_Lac-Noir-col-du-Chamois-An-7.jpg?bwg=1635150097\"                   src=\"https:\/\/balmardi.ch\/wp-content\/uploads\/photo-gallery\/imported_from_media_libray\/thumb\/211019_Lac-Noir-col-du-Chamois-An-7.jpg?bwg=1635150097\"                   alt=\"le Gros Brun\"                   title=\"le Gros Brun\" \/>            <\/div>            <div class=\"\">              <div class=\"bwg-title1\"><div class=\"bwg-title2\">le Gros Brun<\/div><\/div>                                        <\/div>          <\/div>        <\/div>                        <\/a>              <\/div>            <div class=\"bwg-item\">        <a class=\"bwg-a  bwg_lightbox\"  data-image-id=\"15733\" href=\"https:\/\/balmardi.ch\/wp-content\/uploads\/photo-gallery\/imported_from_media_libray\/211019_Lac-Noir-col-du-Chamois-3.jpeg?bwg=1635150098\" data-elementor-open-lightbox=\"no\">                <div class=\"bwg-item0 \">          <div class=\"bwg-item1 \">            <div class=\"bwg-item2\">              <img decoding=\"async\" class=\"skip-lazy bwg_standart_thumb_img_0 \"                   data-id=\"15733\"                   data-width=\"300\"                   data-height=\"146\"                   data-src=\"https:\/\/balmardi.ch\/wp-content\/uploads\/photo-gallery\/imported_from_media_libray\/thumb\/211019_Lac-Noir-col-du-Chamois-3.jpeg?bwg=1635150098\"                   src=\"https:\/\/balmardi.ch\/wp-content\/uploads\/photo-gallery\/imported_from_media_libray\/thumb\/211019_Lac-Noir-col-du-Chamois-3.jpeg?bwg=1635150098\"                   alt=\"Plus c&#039;est haut .. plus c&#039;est beau!\"                   title=\"Plus c&#039;est haut .. plus c&#039;est beau!\" \/>            <\/div>            <div class=\"\">              <div class=\"bwg-title1\"><div class=\"bwg-title2\">Plus c'est haut .. plus c'est beau!<\/div><\/div>                                        <\/div>          <\/div>        <\/div>                        <\/a>              <\/div>            <div class=\"bwg-item\">        <a class=\"bwg-a  bwg_lightbox\"  data-image-id=\"15731\" href=\"https:\/\/balmardi.ch\/wp-content\/uploads\/photo-gallery\/imported_from_media_libray\/211019_Lac-Noir-col-du-Chamois-4.jpeg?bwg=1635150098\" data-elementor-open-lightbox=\"no\">                <div class=\"bwg-item0 \">          <div class=\"bwg-item1 \">            <div class=\"bwg-item2\">              <img decoding=\"async\" class=\"skip-lazy bwg_standart_thumb_img_0 \"                   data-id=\"15731\"                   data-width=\"146\"                   data-height=\"300\"                   data-src=\"https:\/\/balmardi.ch\/wp-content\/uploads\/photo-gallery\/imported_from_media_libray\/thumb\/211019_Lac-Noir-col-du-Chamois-4.jpeg?bwg=1635150098\"                   src=\"https:\/\/balmardi.ch\/wp-content\/uploads\/photo-gallery\/imported_from_media_libray\/thumb\/211019_Lac-Noir-col-du-Chamois-4.jpeg?bwg=1635150098\"                   alt=\"Sant\u00e9!\"                   title=\"Sant\u00e9!\" \/>            <\/div>            <div class=\"\">              <div class=\"bwg-title1\"><div class=\"bwg-title2\">Sant\u00e9!<\/div><\/div>                                        <\/div>          <\/div>        <\/div>                        <\/a>              <\/div>            <div class=\"bwg-item\">        <a class=\"bwg-a  bwg_lightbox\"  data-image-id=\"15727\" href=\"https:\/\/balmardi.ch\/wp-content\/uploads\/photo-gallery\/imported_from_media_libray\/211019_Lac-Noir-col-du-Chamois-6.jpeg?bwg=1635150098\" data-elementor-open-lightbox=\"no\">                <div class=\"bwg-item0 \">          <div class=\"bwg-item1 \">            <div class=\"bwg-item2\">              <img decoding=\"async\" class=\"skip-lazy bwg_standart_thumb_img_0 \"                   data-id=\"15727\"                   data-width=\"300\"                   data-height=\"169\"                   data-src=\"https:\/\/balmardi.ch\/wp-content\/uploads\/photo-gallery\/imported_from_media_libray\/thumb\/211019_Lac-Noir-col-du-Chamois-6.jpeg?bwg=1635150098\"                   src=\"https:\/\/balmardi.ch\/wp-content\/uploads\/photo-gallery\/imported_from_media_libray\/thumb\/211019_Lac-Noir-col-du-Chamois-6.jpeg?bwg=1635150098\"                   alt=\"Du c\u00f4t\u00e9 de la plaine\"                   title=\"Du c\u00f4t\u00e9 de la plaine\" \/>            <\/div>            <div class=\"\">              <div class=\"bwg-title1\"><div class=\"bwg-title2\">Du c\u00f4t\u00e9 de la plaine<\/div><\/div>                                        <\/div>          <\/div>        <\/div>                        <\/a>              <\/div>            <div class=\"bwg-item\">        <a class=\"bwg-a  bwg_lightbox\"  data-image-id=\"15721\" href=\"https:\/\/balmardi.ch\/wp-content\/uploads\/photo-gallery\/imported_from_media_libray\/211019_Lac-Noir-col-du-Chamois-An-1-rotated.jpg?bwg=1635323440\" data-elementor-open-lightbox=\"no\">                <div class=\"bwg-item0 \">          <div class=\"bwg-item1 \">            <div class=\"bwg-item2\">              <img decoding=\"async\" class=\"skip-lazy bwg_standart_thumb_img_0 \"                   data-id=\"15721\"                   data-width=\"300\"                   data-height=\"225\"                   data-src=\"https:\/\/balmardi.ch\/wp-content\/uploads\/photo-gallery\/imported_from_media_libray\/thumb\/211019_Lac-Noir-col-du-Chamois-An-1-rotated.jpg?bwg=1635323440\"                   src=\"https:\/\/balmardi.ch\/wp-content\/uploads\/photo-gallery\/imported_from_media_libray\/thumb\/211019_Lac-Noir-col-du-Chamois-An-1-rotated.jpg?bwg=1635323440\"                   alt=\"Le Lac Noir au d\u00e9but de la descente\"                   title=\"Le Lac Noir au d\u00e9but de la descente\" \/>            <\/div>            <div class=\"\">              <div class=\"bwg-title1\"><div class=\"bwg-title2\">Le Lac Noir au d\u00e9but de la descente<\/div><\/div>                                        <\/div>          <\/div>        <\/div>                        <\/a>              <\/div>            <div class=\"bwg-item\">        <a class=\"bwg-a  bwg_lightbox\"  data-image-id=\"15722\" href=\"https:\/\/balmardi.ch\/wp-content\/uploads\/photo-gallery\/imported_from_media_libray\/211019_Lac-Noir-col-du-Chamois-12.jpeg?bwg=1635150098\" data-elementor-open-lightbox=\"no\">                <div class=\"bwg-item0 \">          <div class=\"bwg-item1 \">            <div class=\"bwg-item2\">              <img decoding=\"async\" class=\"skip-lazy bwg_standart_thumb_img_0 \"                   data-id=\"15722\"                   data-width=\"300\"                   data-height=\"184\"                   data-src=\"https:\/\/balmardi.ch\/wp-content\/uploads\/photo-gallery\/imported_from_media_libray\/thumb\/211019_Lac-Noir-col-du-Chamois-12.jpeg?bwg=1635150098\"                   src=\"https:\/\/balmardi.ch\/wp-content\/uploads\/photo-gallery\/imported_from_media_libray\/thumb\/211019_Lac-Noir-col-du-Chamois-12.jpeg?bwg=1635150098\"                   alt=\"Vers Ober-Recardets\"                   title=\"Vers Ober-Recardets\" \/>            <\/div>            <div class=\"\">              <div class=\"bwg-title1\"><div class=\"bwg-title2\">Vers Ober-Recardets<\/div><\/div>                                        <\/div>          <\/div>        <\/div>                        <\/a>              <\/div>            <div class=\"bwg-item\">        <a class=\"bwg-a  bwg_lightbox\"  data-image-id=\"15723\" href=\"https:\/\/balmardi.ch\/wp-content\/uploads\/photo-gallery\/imported_from_media_libray\/211019_Lac-Noir-col-du-Chamois-11.jpeg?bwg=1635150098\" data-elementor-open-lightbox=\"no\">                <div class=\"bwg-item0 \">          <div class=\"bwg-item1 \">            <div class=\"bwg-item2\">              <img decoding=\"async\" class=\"skip-lazy bwg_standart_thumb_img_0 \"                   data-id=\"15723\"                   data-width=\"300\"                   data-height=\"274\"                   data-src=\"https:\/\/balmardi.ch\/wp-content\/uploads\/photo-gallery\/imported_from_media_libray\/thumb\/211019_Lac-Noir-col-du-Chamois-11.jpeg?bwg=1635150098\"                   src=\"https:\/\/balmardi.ch\/wp-content\/uploads\/photo-gallery\/imported_from_media_libray\/thumb\/211019_Lac-Noir-col-du-Chamois-11.jpeg?bwg=1635150098\"                   alt=\"Enfin un chemin raisonnable avant le retour au Lac noir\"                   title=\"Enfin un chemin raisonnable avant le retour au Lac noir\" \/>            <\/div>            <div class=\"\">              <div class=\"bwg-title1\"><div class=\"bwg-title2\">Enfin un chemin raisonnable avant le retour au Lac noir<\/div><\/div>                                        <\/div>          <\/div>        <\/div>                        <\/a>              <\/div>          <\/div>    <style>      \/*pagination styles*\/      #bwg_container1_0 #bwg_container2_0 .tablenav-pages_0 {\t\t\t\ttext-align: center;\t\t\t\tfont-size: 12px;\t\t\t\tfont-family: segoe ui;\t\t\t\tfont-weight: bold;\t\t\t\tcolor: #666666;\t\t\t\tmargin: 6px 0 4px;\t\t\t\tdisplay: block;      }      @media only screen and (max-width : 320px) {      #bwg_container1_0 #bwg_container2_0 .displaying-num_0 {     \t display: none;      }      }      #bwg_container1_0 #bwg_container2_0 .displaying-num_0 {\t\t\t\tfont-size: 12px;\t\t\t\tfont-family: segoe ui;\t\t\t\tfont-weight: bold;\t\t\t\tcolor: #666666;\t\t\t\tmargin-right: 10px;\t\t\t\tvertical-align: middle;      }      #bwg_container1_0 #bwg_container2_0 .paging-input_0 {\t\t\t\tfont-size: 12px;\t\t\t\tfont-family: segoe ui;\t\t\t\tfont-weight: bold;\t\t\t\tcolor: #666666;\t\t\t\tvertical-align: middle;      }      #bwg_container1_0 #bwg_container2_0 .tablenav-pages_0 a.disabled,      #bwg_container1_0 #bwg_container2_0 .tablenav-pages_0 a.disabled:hover,      #bwg_container1_0 #bwg_container2_0 .tablenav-pages_0 a.disabled:focus,\t\t\t#bwg_container1_0 #bwg_container2_0 .tablenav-pages_0 input.bwg_current_page {\t\t\t\tcursor: default;\t\t\t\tcolor: rgba(102, 102, 102, 0.5);      }      #bwg_container1_0 #bwg_container2_0 .tablenav-pages_0 a,      #bwg_container1_0 #bwg_container2_0 .tablenav-pages_0 input.bwg_current_page {\t\t\t\tcursor: pointer;\t\t\t\ttext-align: center;\t\t\t\tfont-size: 12px;\t\t\t\tfont-family: segoe ui;\t\t\t\tfont-weight: bold;\t\t\t\tcolor: #666666;\t\t\t\ttext-decoration: none;\t\t\t\tpadding: 3px 6px;\t\t\t\tmargin: 0;\t\t\t\tborder-radius: 0;\t\t\t\tborder-style: solid;\t\t\t\tborder-width: 1px;\t\t\t\tborder-color: #E3E3E3;\t\t\t\t\t\t\t\tbackground-color: rgba(255, 255, 255, 1.00);\t\t\t\tbox-shadow: 0;\t\t\t\ttransition: all 0.3s ease 0s;-webkit-transition: all 0.3s ease 0s;      }      <\/style>      <span class=\"bwg_nav_cont_0\">              <div class=\"tablenav-pages_0\">                  <\/div>                <input type=\"hidden\" id=\"page_number_0\" name=\"page_number_0\" value=\"1\" \/>      <script type=\"text\/javascript\">        if( jQuery('.bwg_nav_cont_0').length > 1 ) {          jQuery('.bwg_nav_cont_0').first().remove()        }        function spider_page_0(cur, x, y, load_more) {          if (typeof load_more == \"undefined\") {            var load_more = false;          }          if (jQuery(cur).hasClass('disabled')) {            return false;          }          var items_county_0 = 1;          switch (y) {            case 1:              if (x >= items_county_0) {                document.getElementById('page_number_0').value = items_county_0;              }              else {                document.getElementById('page_number_0').value = x + 1;              }              break;            case 2:              document.getElementById('page_number_0').value = items_county_0;              break;            case -1:              if (x == 1) {                document.getElementById('page_number_0').value = 1;              }              else {                document.getElementById('page_number_0').value = x - 1;              }              break;            case -2:              document.getElementById('page_number_0').value = 1;              break;\t\t\t\t\t\tcase 0:              document.getElementById('page_number_0').value = x;              break;            default:              document.getElementById('page_number_0').value = 1;          }          bwg_ajax('gal_front_form_0', '0', 'bwg_thumbnails_0', '0', '', 'gallery', 0, '', '', load_more, '', 1);        }                    jQuery('.first-page-0').on('click', function () {              spider_page_0(this, 1, -2, 'numeric');              return false;            });            jQuery('.prev-page-0').on('click', function () {              spider_page_0(this, 1, -1, 'numeric');              return false;            });            jQuery('.next-page-0').on('click', function () {              spider_page_0(this, 1, 1, 'numeric');              return false;            });            jQuery('.last-page-0').on('click', function () {              spider_page_0(this, 1, 2, 'numeric');              return false;            });        \t\t\t\t\/* Change page on input enter. *\/        function bwg_change_page_0( e, that ) {          if (  e.key == 'Enter' ) {            var to_page = parseInt(jQuery(that).val());            var pages_count = jQuery(that).parents(\".pagination-links\").data(\"pages-count\");            var current_url_param = jQuery(that).attr('data-url-info');            if (to_page > pages_count) {              to_page = 1;            }\t \t\t\t\t\t\t\t\t\t\t\t\tspider_page_0(this, to_page, 0, 'numeric');\t\t\t\t\t\t\treturn false;\t\t\t\t\t\t          }          return true;        }        jQuery('.bwg_load_btn_0').on('click', function () {            spider_page_0(this, 1, 1, true);            return false;        });      <\/script>      <\/span>                <\/div>        <\/form>        <style>          #bwg_container1_0 #bwg_container2_0 #spider_popup_overlay_0 {          background-color: #000000;          opacity: 0.70;          }          <\/style>        <div id=\"bwg_spider_popup_loading_0\" class=\"bwg_spider_popup_loading\"><\/div>        <div id=\"spider_popup_overlay_0\" class=\"spider_popup_overlay\" onclick=\"spider_destroypopup(1000)\"><\/div>        <input type=\"hidden\" id=\"bwg_random_seed_0\" value=\"1016761950\">                <\/div>    <\/div>    <script>      if (document.readyState === 'complete') {        if( typeof bwg_main_ready == 'function' ) {          if ( jQuery(\"#bwg_container1_0\").height() ) {            bwg_main_ready(jQuery(\"#bwg_container1_0\"));          }        }      } else {        document.addEventListener('DOMContentLoaded', function() {          if( typeof bwg_main_ready == 'function' ) {            if ( jQuery(\"#bwg_container1_0\").height() ) {             bwg_main_ready(jQuery(\"#bwg_container1_0\"));            }          }        });      }    <\/script>    <br \/><\/strong><\/p>\n<h3 style=\"text-align: center;\"><a href=\"https:\/\/map.schweizmobil.ch\/?lang=fr&amp;bgLayer=pk&amp;resolution=3.37&amp;season=summer&amp;E=2586727&amp;N=1167205&amp;photos=yes&amp;logo=yes&amp;detours=yes&amp;trackId=983829965\" target=\"_blank\" rel=\"noopener\">Lac Noir R\u00e9cardets court<\/a><\/h3>\n<p style=\"text-align: center;\">Distance: 6810m D\u00e9nivellation: 498m Dur\u00e9e: 2h31<br \/><strong>Photos du 19 octobre 2021:<\/strong> Voir ci-dessus.<\/p>\n","protected":false},"excerpt":{"rendered":"<p>Lac Noir col du Chamois Distance: 9520m D\u00e9nivellation: 859m Dur\u00e9e: 4h07Tour des R\u00e9cardets. Stationnement au Lac Noir au fond \u00e0 gauche derni\u00e8re place de parc avant le pont sur le Seeweidbach.Photos du 19 octobre 2021: Lac Noir R\u00e9cardets court Distance: 6810m D\u00e9nivellation: 498m Dur\u00e9e: 2h31Photos du 19 octobre 2021: Voir ci-dessus.<\/p>\n","protected":false},"author":1,"featured_media":0,"parent":0,"menu_order":0,"comment_status":"closed","ping_status":"closed","template":"","meta":{"two_page_speed":[],"footnotes":""},"class_list":["post-8219","page","type-page","status-publish","hentry"],"_links":{"self":[{"href":"https:\/\/balmardi.ch\/index.php\/wp-json\/wp\/v2\/pages\/8219","targetHints":{"allow":["GET"]}}],"collection":[{"href":"https:\/\/balmardi.ch\/index.php\/wp-json\/wp\/v2\/pages"}],"about":[{"href":"https:\/\/balmardi.ch\/index.php\/wp-json\/wp\/v2\/types\/page"}],"author":[{"embeddable":true,"href":"https:\/\/balmardi.ch\/index.php\/wp-json\/wp\/v2\/users\/1"}],"replies":[{"embeddable":true,"href":"https:\/\/balmardi.ch\/index.php\/wp-json\/wp\/v2\/comments?post=8219"}],"version-history":[{"count":11,"href":"https:\/\/balmardi.ch\/index.php\/wp-json\/wp\/v2\/pages\/8219\/revisions"}],"predecessor-version":[{"id":8265,"href":"https:\/\/balmardi.ch\/index.php\/wp-json\/wp\/v2\/pages\/8219\/revisions\/8265"}],"wp:attachment":[{"href":"https:\/\/balmardi.ch\/index.php\/wp-json\/wp\/v2\/media?parent=8219"}],"curies":[{"name":"wp","href":"https:\/\/api.w.org\/{rel}","templated":true}]}}