{"id":4517,"date":"2018-09-11T13:20:41","date_gmt":"2018-09-11T12:20:41","guid":{"rendered":"http:\/\/balmardi.ch\/?page_id=4517"},"modified":"2020-10-21T12:35:35","modified_gmt":"2020-10-21T11:35:35","slug":"charmey-pont-du-roc-bovatey-praz-jean-11-09-2018-el-hu-ma-mo-ni-yv","status":"publish","type":"page","link":"https:\/\/balmardi.ch\/index.php\/charmey-pont-du-roc-bovatey-praz-jean-11-09-2018-el-hu-ma-mo-ni-yv\/","title":{"rendered":"Charmey Pont du Roc Bovatey Praz-Jean (11.09.2018: El Hu Ma Mo Ni Yv)"},"content":{"rendered":"<h3 style=\"text-align: center;\"><a href=\"https:\/\/map.schweizmobil.ch\/?lang=fr&amp;bgLayer=pk&amp;resolution=5.74&amp;season=summer&amp;E=2580769&amp;N=1160448&amp;photos=yes&amp;logo=yes&amp;trackId=4901862\" target=\"_blank\" rel=\"noopener noreferrer\">Charmey Pont du Roc Bovatey Praz-Jean<\/a><\/h3>\n<p style=\"text-align: center;\">Distance: 12550m D\u00e9nivellation: 753m Dur\u00e9e: 4h23<br \/>\nPhotos du 11 septembre 2018:<br \/>\n<style id=\"bwg-style-0\">    #bwg_container1_0 #bwg_container2_0 .bwg-container-0.bwg-standard-thumbnails {      width: 454px;              justify-content: center;        margin:0 auto !important;              background-color: rgba(255, 255, 255, 0.00);            padding-left: 4px;      padding-top: 4px;      max-width: 100%;            }        #bwg_container1_0 #bwg_container2_0 .bwg-container-0.bwg-standard-thumbnails .bwg-item {    justify-content: flex-start;      max-width: 90px;            width: 90px !important;          }    #bwg_container1_0 #bwg_container2_0 .bwg-container-0.bwg-standard-thumbnails .bwg-item a {       margin-right: 4px;       margin-bottom: 4px;    }    #bwg_container1_0 #bwg_container2_0 .bwg-container-0.bwg-standard-thumbnails .bwg-item0 {      padding: 0px;            background-color:rgba(255,255,255, 0.30);      border: 0px none #CCCCCC;      opacity: 1.00;      border-radius: 0;      box-shadow: 0px 0px 0px #888888;    }    #bwg_container1_0 #bwg_container2_0 .bwg-container-0.bwg-standard-thumbnails .bwg-item1 img {      max-height: none;      max-width: none;      padding: 0 !important;    }        @media only screen and (min-width: 480px) {      #bwg_container1_0 #bwg_container2_0 .bwg-container-0.bwg-standard-thumbnails .bwg-item0 {        transition: all 0.3s ease 0s;-webkit-transition: all 0.3s ease 0s;      }      #bwg_container1_0 #bwg_container2_0 .bwg-container-0.bwg-standard-thumbnails .bwg-item0:hover {        -ms-transform: scale(1.1);        -webkit-transform: scale(1.1);        transform: scale(1.1);      }    }          #bwg_container1_0 #bwg_container2_0 .bwg-container-0.bwg-standard-thumbnails .bwg-item1 {      padding-top: 50%;    }        #bwg_container1_0 #bwg_container2_0 .bwg-container-0.bwg-standard-thumbnails .bwg-title1 {      position: absolute;      top: 0;      z-index: 100;      width: 100%;      height: 100%;      display: flex;      justify-content: center;      align-content: center;      flex-direction: column;      opacity: 0;    }\t      #bwg_container1_0 #bwg_container2_0 .bwg-container-0.bwg-standard-thumbnails .bwg-title2,    #bwg_container1_0 #bwg_container2_0 .bwg-container-0.bwg-standard-thumbnails .bwg-ecommerce2 {      color: #FFFFFF;      font-family: segoe ui;      font-size: 16px;      font-weight: bold;      padding: 2px;      text-shadow: 0px 0px 0px #888888;      max-height: 100%;    }    #bwg_container1_0 #bwg_container2_0 .bwg-container-0.bwg-standard-thumbnails .bwg-thumb-description span {    color: #323A45;    font-family: Ubuntu;    font-size: 12px;    max-height: 100%;    word-wrap: break-word;    }    #bwg_container1_0 #bwg_container2_0 .bwg-container-0.bwg-standard-thumbnails .bwg-play-icon2 {      font-size: 32px;    }    #bwg_container1_0 #bwg_container2_0 .bwg-container-0.bwg-standard-thumbnails .bwg-ecommerce2 {      font-size: 19.2px;      color: #CCCCCC;    }    <\/style>    <div id=\"bwg_container1_0\"         class=\"bwg_container bwg_thumbnail bwg_thumbnails \"         data-right-click-protection=\"0\"         data-bwg=\"0\"         data-scroll=\"0\"         data-gallery-type=\"thumbnails\"         data-gallery-view-type=\"thumbnails\"         data-current-url=\"\/index.php\/wp-json\/wp\/v2\/pages\/4517\"         data-lightbox-url=\"https:\/\/balmardi.ch\/wp-admin\/admin-ajax.php?action=GalleryBox&#038;current_view=0&#038;gallery_id=380&#038;tag=0&#038;theme_id=1&#038;shortcode_id=654&#038;sort_by=order&#038;order_by=asc&#038;current_url=%2Findex.php%2Fwp-json%2Fwp%2Fv2%2Fpages%2F4517\"         data-gallery-id=\"380\"         data-popup-width=\"800\"         data-popup-height=\"500\"         data-is-album=\"gallery\"         data-buttons-position=\"bottom\">      <div id=\"bwg_container2_0\">             <div id=\"ajax_loading_0\" class=\"bwg_loading_div_1\">      <div class=\"bwg_loading_div_2\">        <div class=\"bwg_loading_div_3\">          <div id=\"loading_div_0\" class=\"bwg_spider_ajax_loading\">          <\/div>        <\/div>      <\/div>    <\/div>            <form id=\"gal_front_form_0\"              class=\"bwg-hidden\"              method=\"post\"              action=\"#\"              data-current=\"0\"              data-shortcode-id=\"654\"              data-gallery-type=\"thumbnails\"              data-gallery-id=\"380\"              data-tag=\"0\"              data-album-id=\"0\"              data-theme-id=\"1\"              data-ajax-url=\"https:\/\/balmardi.ch\/wp-admin\/admin-ajax.php?action=bwg_frontend_data\">          <div id=\"bwg_container3_0\" class=\"bwg-background bwg-background-0\">                <div data-max-count=\"5\"         data-thumbnail-width=\"90\"         data-bwg=\"0\"         data-gallery-id=\"380\"         data-lightbox-url=\"https:\/\/balmardi.ch\/wp-admin\/admin-ajax.php?action=GalleryBox&amp;current_view=0&amp;gallery_id=380&amp;tag=0&amp;theme_id=1&amp;shortcode_id=654&amp;sort_by=order&amp;order_by=asc&amp;current_url=%2Findex.php%2Fwp-json%2Fwp%2Fv2%2Fpages%2F4517\"         id=\"bwg_thumbnails_0\"         class=\"bwg-container-0 bwg-thumbnails bwg-standard-thumbnails bwg-container bwg-border-box\">            <div class=\"bwg-item\">        <a class=\"bwg-a  bwg_lightbox\"  data-image-id=\"11534\" href=\"https:\/\/balmardi.ch\/wp-content\/uploads\/photo-gallery\/180911_Charmey_Pont_du_Roc_Bovatey_Praz-Jean_(1).jpg\" data-elementor-open-lightbox=\"no\">                <div class=\"bwg-item0 \">          <div class=\"bwg-item1 \">            <div class=\"bwg-item2\">              <img decoding=\"async\" class=\"skip-lazy bwg_standart_thumb_img_0 \"                   data-id=\"11534\"                   data-width=\"\"                   data-height=\"\"                   data-src=\"https:\/\/balmardi.ch\/wp-content\/uploads\/photo-gallery\/thumb\/180911_Charmey_Pont_du_Roc_Bovatey_Praz-Jean_(1).jpg\"                   src=\"https:\/\/balmardi.ch\/wp-content\/uploads\/photo-gallery\/thumb\/180911_Charmey_Pont_du_Roc_Bovatey_Praz-Jean_(1).jpg\"                   alt=\"D\u00e9part pour le parcours court.\"                   title=\"D\u00e9part pour le parcours court.\" \/>            <\/div>            <div class=\"\">              <div class=\"bwg-title1\"><div class=\"bwg-title2\">D\u00e9part pour le parcours court.<\/div><\/div>                                        <\/div>          <\/div>        <\/div>                        <\/a>              <\/div>            <div class=\"bwg-item\">        <a class=\"bwg-a  bwg_lightbox\"  data-image-id=\"11531\" href=\"https:\/\/balmardi.ch\/wp-content\/uploads\/photo-gallery\/180911_Charmey_Pont_du_Roc_Bovatey_Praz-Jean_(2).jpg\" data-elementor-open-lightbox=\"no\">                <div class=\"bwg-item0 \">          <div class=\"bwg-item1 \">            <div class=\"bwg-item2\">              <img decoding=\"async\" class=\"skip-lazy bwg_standart_thumb_img_0 \"                   data-id=\"11531\"                   data-width=\"\"                   data-height=\"\"                   data-src=\"https:\/\/balmardi.ch\/wp-content\/uploads\/photo-gallery\/thumb\/180911_Charmey_Pont_du_Roc_Bovatey_Praz-Jean_(2).jpg\"                   src=\"https:\/\/balmardi.ch\/wp-content\/uploads\/photo-gallery\/thumb\/180911_Charmey_Pont_du_Roc_Bovatey_Praz-Jean_(2).jpg\"                   alt=\"par un sentier sympa.\"                   title=\"par un sentier sympa.\" \/>            <\/div>            <div class=\"\">              <div class=\"bwg-title1\"><div class=\"bwg-title2\">par un sentier sympa.<\/div><\/div>                                        <\/div>          <\/div>        <\/div>                        <\/a>              <\/div>            <div class=\"bwg-item\">        <a class=\"bwg-a  bwg_lightbox\"  data-image-id=\"11535\" href=\"https:\/\/balmardi.ch\/wp-content\/uploads\/photo-gallery\/180911_Charmey_Pont_du_Roc_Bovatey_Praz-Jean_(3).jpg\" data-elementor-open-lightbox=\"no\">                <div class=\"bwg-item0 \">          <div class=\"bwg-item1 \">            <div class=\"bwg-item2\">              <img decoding=\"async\" class=\"skip-lazy bwg_standart_thumb_img_0 \"                   data-id=\"11535\"                   data-width=\"\"                   data-height=\"\"                   data-src=\"https:\/\/balmardi.ch\/wp-content\/uploads\/photo-gallery\/thumb\/180911_Charmey_Pont_du_Roc_Bovatey_Praz-Jean_(3).jpg\"                   src=\"https:\/\/balmardi.ch\/wp-content\/uploads\/photo-gallery\/thumb\/180911_Charmey_Pont_du_Roc_Bovatey_Praz-Jean_(3).jpg\"                   alt=\"Jognins du Milieu\"                   title=\"Jognins du Milieu\" \/>            <\/div>            <div class=\"\">              <div class=\"bwg-title1\"><div class=\"bwg-title2\">Jognins du Milieu<\/div><\/div>                                        <\/div>          <\/div>        <\/div>                        <\/a>              <\/div>            <div class=\"bwg-item\">        <a class=\"bwg-a  bwg_lightbox\"  data-image-id=\"11528\" href=\"https:\/\/balmardi.ch\/wp-content\/uploads\/photo-gallery\/180911_Charmey_Pont_du_Roc_Bovatey_Praz-Jean_(4).jpg\" data-elementor-open-lightbox=\"no\">                <div class=\"bwg-item0 \">          <div class=\"bwg-item1 \">            <div class=\"bwg-item2\">              <img decoding=\"async\" class=\"skip-lazy bwg_standart_thumb_img_0 \"                   data-id=\"11528\"                   data-width=\"\"                   data-height=\"\"                   data-src=\"https:\/\/balmardi.ch\/wp-content\/uploads\/photo-gallery\/thumb\/180911_Charmey_Pont_du_Roc_Bovatey_Praz-Jean_(4).jpg\"                   src=\"https:\/\/balmardi.ch\/wp-content\/uploads\/photo-gallery\/thumb\/180911_Charmey_Pont_du_Roc_Bovatey_Praz-Jean_(4).jpg\"                   alt=\"Jognins Dessus\"                   title=\"Jognins Dessus\" \/>            <\/div>            <div class=\"\">              <div class=\"bwg-title1\"><div class=\"bwg-title2\">Jognins Dessus<\/div><\/div>                                        <\/div>          <\/div>        <\/div>                        <\/a>              <\/div>            <div class=\"bwg-item\">        <a class=\"bwg-a  bwg_lightbox\"  data-image-id=\"11533\" href=\"https:\/\/balmardi.ch\/wp-content\/uploads\/photo-gallery\/180911_Charmey_Pont_du_Roc_Bovatey_Praz-Jean_(5).jpg\" data-elementor-open-lightbox=\"no\">                <div class=\"bwg-item0 \">          <div class=\"bwg-item1 \">            <div class=\"bwg-item2\">              <img decoding=\"async\" class=\"skip-lazy bwg_standart_thumb_img_0 \"                   data-id=\"11533\"                   data-width=\"\"                   data-height=\"\"                   data-src=\"https:\/\/balmardi.ch\/wp-content\/uploads\/photo-gallery\/thumb\/180911_Charmey_Pont_du_Roc_Bovatey_Praz-Jean_(5).jpg\"                   src=\"https:\/\/balmardi.ch\/wp-content\/uploads\/photo-gallery\/thumb\/180911_Charmey_Pont_du_Roc_Bovatey_Praz-Jean_(5).jpg\"                   alt=\"Jolie mont\u00e9e dans la for\u00eat\"                   title=\"Jolie mont\u00e9e dans la for\u00eat\" \/>            <\/div>            <div class=\"\">              <div class=\"bwg-title1\"><div class=\"bwg-title2\">Jolie mont\u00e9e dans la for\u00eat<\/div><\/div>                                        <\/div>          <\/div>        <\/div>                        <\/a>              <\/div>            <div class=\"bwg-item\">        <a class=\"bwg-a  bwg_lightbox\"  data-image-id=\"11525\" href=\"https:\/\/balmardi.ch\/wp-content\/uploads\/photo-gallery\/180911_Charmey_Pont_du_Roc_Bovatey_Praz-Jean_(7).jpg\" data-elementor-open-lightbox=\"no\">                <div class=\"bwg-item0 \">          <div class=\"bwg-item1 \">            <div class=\"bwg-item2\">              <img decoding=\"async\" class=\"skip-lazy bwg_standart_thumb_img_0 \"                   data-id=\"11525\"                   data-width=\"\"                   data-height=\"\"                   data-src=\"https:\/\/balmardi.ch\/wp-content\/uploads\/photo-gallery\/thumb\/180911_Charmey_Pont_du_Roc_Bovatey_Praz-Jean_(7).jpg\"                   src=\"https:\/\/balmardi.ch\/wp-content\/uploads\/photo-gallery\/thumb\/180911_Charmey_Pont_du_Roc_Bovatey_Praz-Jean_(7).jpg\"                   alt=\"Les Craux\"                   title=\"Les Craux\" \/>            <\/div>            <div class=\"\">              <div class=\"bwg-title1\"><div class=\"bwg-title2\">Les Craux<\/div><\/div>                                        <\/div>          <\/div>        <\/div>                        <\/a>              <\/div>            <div class=\"bwg-item\">        <a class=\"bwg-a  bwg_lightbox\"  data-image-id=\"11532\" href=\"https:\/\/balmardi.ch\/wp-content\/uploads\/photo-gallery\/180911_Charmey_Pont_du_Roc_Bovatey_Praz-Jean_(9).jpg\" data-elementor-open-lightbox=\"no\">                <div class=\"bwg-item0 \">          <div class=\"bwg-item1 \">            <div class=\"bwg-item2\">              <img decoding=\"async\" class=\"skip-lazy bwg_standart_thumb_img_0 \"                   data-id=\"11532\"                   data-width=\"\"                   data-height=\"\"                   data-src=\"https:\/\/balmardi.ch\/wp-content\/uploads\/photo-gallery\/thumb\/180911_Charmey_Pont_du_Roc_Bovatey_Praz-Jean_(9).jpg\"                   src=\"https:\/\/balmardi.ch\/wp-content\/uploads\/photo-gallery\/thumb\/180911_Charmey_Pont_du_Roc_Bovatey_Praz-Jean_(9).jpg\"                   alt=\"Bulle au fond\"                   title=\"Bulle au fond\" \/>            <\/div>            <div class=\"\">              <div class=\"bwg-title1\"><div class=\"bwg-title2\">Bulle au fond<\/div><\/div>                                        <\/div>          <\/div>        <\/div>                        <\/a>              <\/div>            <div class=\"bwg-item\">        <a class=\"bwg-a  bwg_lightbox\"  data-image-id=\"11529\" href=\"https:\/\/balmardi.ch\/wp-content\/uploads\/photo-gallery\/180911_Charmey_Pont_du_Roc_Bovatey_Praz-Jean_(10).jpg\" data-elementor-open-lightbox=\"no\">                <div class=\"bwg-item0 \">          <div class=\"bwg-item1 \">            <div class=\"bwg-item2\">              <img decoding=\"async\" class=\"skip-lazy bwg_standart_thumb_img_0 \"                   data-id=\"11529\"                   data-width=\"\"                   data-height=\"\"                   data-src=\"https:\/\/balmardi.ch\/wp-content\/uploads\/photo-gallery\/thumb\/180911_Charmey_Pont_du_Roc_Bovatey_Praz-Jean_(10).jpg\"                   src=\"https:\/\/balmardi.ch\/wp-content\/uploads\/photo-gallery\/thumb\/180911_Charmey_Pont_du_Roc_Bovatey_Praz-Jean_(10).jpg\"                   alt=\"Le P\u00e2quier \u00e0 Cholet\"                   title=\"Le P\u00e2quier \u00e0 Cholet\" \/>            <\/div>            <div class=\"\">              <div class=\"bwg-title1\"><div class=\"bwg-title2\">Le P\u00e2quier \u00e0 Cholet<\/div><\/div>                                        <\/div>          <\/div>        <\/div>                        <\/a>              <\/div>            <div class=\"bwg-item\">        <a class=\"bwg-a  bwg_lightbox\"  data-image-id=\"11530\" href=\"https:\/\/balmardi.ch\/wp-content\/uploads\/photo-gallery\/180911_Charmey_Pont_du_Roc_Bovatey_Praz-Jean_(12).jpg\" data-elementor-open-lightbox=\"no\">                <div class=\"bwg-item0 \">          <div class=\"bwg-item1 \">            <div class=\"bwg-item2\">              <img decoding=\"async\" class=\"skip-lazy bwg_standart_thumb_img_0 \"                   data-id=\"11530\"                   data-width=\"\"                   data-height=\"\"                   data-src=\"https:\/\/balmardi.ch\/wp-content\/uploads\/photo-gallery\/thumb\/180911_Charmey_Pont_du_Roc_Bovatey_Praz-Jean_(12).jpg\"                   src=\"https:\/\/balmardi.ch\/wp-content\/uploads\/photo-gallery\/thumb\/180911_Charmey_Pont_du_Roc_Bovatey_Praz-Jean_(12).jpg\"                   alt=\"Dans la combe du point 1415\"                   title=\"Dans la combe du point 1415\" \/>            <\/div>            <div class=\"\">              <div class=\"bwg-title1\"><div class=\"bwg-title2\">Dans la combe du point 1415<\/div><\/div>                                        <\/div>          <\/div>        <\/div>                        <\/a>              <\/div>            <div class=\"bwg-item\">        <a class=\"bwg-a  bwg_lightbox\"  data-image-id=\"11522\" href=\"https:\/\/balmardi.ch\/wp-content\/uploads\/photo-gallery\/180911_Charmey_Pont_du_Roc_Bovatey_Praz-Jean_(14).jpg\" data-elementor-open-lightbox=\"no\">                <div class=\"bwg-item0 \">          <div class=\"bwg-item1 \">            <div class=\"bwg-item2\">              <img decoding=\"async\" class=\"skip-lazy bwg_standart_thumb_img_0 \"                   data-id=\"11522\"                   data-width=\"\"                   data-height=\"\"                   data-src=\"https:\/\/balmardi.ch\/wp-content\/uploads\/photo-gallery\/thumb\/180911_Charmey_Pont_du_Roc_Bovatey_Praz-Jean_(14).jpg\"                   src=\"https:\/\/balmardi.ch\/wp-content\/uploads\/photo-gallery\/thumb\/180911_Charmey_Pont_du_Roc_Bovatey_Praz-Jean_(14).jpg\"                   alt=\"Et voici le Petit Haut Cr\u00eat\"                   title=\"Et voici le Petit Haut Cr\u00eat\" \/>            <\/div>            <div class=\"\">              <div class=\"bwg-title1\"><div class=\"bwg-title2\">Et voici le Petit Haut Cr\u00eat<\/div><\/div>                                        <\/div>          <\/div>        <\/div>                        <\/a>              <\/div>            <div class=\"bwg-item\">        <a class=\"bwg-a  bwg_lightbox\"  data-image-id=\"11521\" href=\"https:\/\/balmardi.ch\/wp-content\/uploads\/photo-gallery\/180911_Charmey_Pont_du_Roc_Bovatey_Praz-Jean_(15).jpg\" data-elementor-open-lightbox=\"no\">                <div class=\"bwg-item0 \">          <div class=\"bwg-item1 \">            <div class=\"bwg-item2\">              <img decoding=\"async\" class=\"skip-lazy bwg_standart_thumb_img_0 \"                   data-id=\"11521\"                   data-width=\"\"                   data-height=\"\"                   data-src=\"https:\/\/balmardi.ch\/wp-content\/uploads\/photo-gallery\/thumb\/180911_Charmey_Pont_du_Roc_Bovatey_Praz-Jean_(15).jpg\"                   src=\"https:\/\/balmardi.ch\/wp-content\/uploads\/photo-gallery\/thumb\/180911_Charmey_Pont_du_Roc_Bovatey_Praz-Jean_(15).jpg\"                   alt=\"Brenleire et Folli\u00e9ran \"                   title=\"Brenleire et Folli\u00e9ran \" \/>            <\/div>            <div class=\"\">              <div class=\"bwg-title1\"><div class=\"bwg-title2\">Brenleire et Folli\u00e9ran <\/div><\/div>                                        <\/div>          <\/div>        <\/div>                        <\/a>              <\/div>            <div class=\"bwg-item\">        <a class=\"bwg-a  bwg_lightbox\"  data-image-id=\"11520\" href=\"https:\/\/balmardi.ch\/wp-content\/uploads\/photo-gallery\/180911_Charmey_Pont_du_Roc_Bovatey_Praz-Jean_(16).jpg\" data-elementor-open-lightbox=\"no\">                <div class=\"bwg-item0 \">          <div class=\"bwg-item1 \">            <div class=\"bwg-item2\">              <img decoding=\"async\" class=\"skip-lazy bwg_standart_thumb_img_0 \"                   data-id=\"11520\"                   data-width=\"\"                   data-height=\"\"                   data-src=\"https:\/\/balmardi.ch\/wp-content\/uploads\/photo-gallery\/thumb\/180911_Charmey_Pont_du_Roc_Bovatey_Praz-Jean_(16).jpg\"                   src=\"https:\/\/balmardi.ch\/wp-content\/uploads\/photo-gallery\/thumb\/180911_Charmey_Pont_du_Roc_Bovatey_Praz-Jean_(16).jpg\"                   alt=\"1640 et vue\"                   title=\"1640 et vue\" \/>            <\/div>            <div class=\"\">              <div class=\"bwg-title1\"><div class=\"bwg-title2\">1640 et vue<\/div><\/div>                                        <\/div>          <\/div>        <\/div>                        <\/a>              <\/div>            <div class=\"bwg-item\">        <a class=\"bwg-a  bwg_lightbox\"  data-image-id=\"11516\" href=\"https:\/\/balmardi.ch\/wp-content\/uploads\/photo-gallery\/180911_Charmey_Pont_du_Roc_Bovatey_Praz-Jean_(17).jpg\" data-elementor-open-lightbox=\"no\">                <div class=\"bwg-item0 \">          <div class=\"bwg-item1 \">            <div class=\"bwg-item2\">              <img decoding=\"async\" class=\"skip-lazy bwg_standart_thumb_img_0 \"                   data-id=\"11516\"                   data-width=\"\"                   data-height=\"\"                   data-src=\"https:\/\/balmardi.ch\/wp-content\/uploads\/photo-gallery\/thumb\/180911_Charmey_Pont_du_Roc_Bovatey_Praz-Jean_(17).jpg\"                   src=\"https:\/\/balmardi.ch\/wp-content\/uploads\/photo-gallery\/thumb\/180911_Charmey_Pont_du_Roc_Bovatey_Praz-Jean_(17).jpg\"                   alt=\"de tous\"                   title=\"de tous\" \/>            <\/div>            <div class=\"\">              <div class=\"bwg-title1\"><div class=\"bwg-title2\">de tous<\/div><\/div>                                        <\/div>          <\/div>        <\/div>                        <\/a>              <\/div>            <div class=\"bwg-item\">        <a class=\"bwg-a  bwg_lightbox\"  data-image-id=\"11517\" href=\"https:\/\/balmardi.ch\/wp-content\/uploads\/photo-gallery\/180911_Charmey_Pont_du_Roc_Bovatey_Praz-Jean_(18).jpg\" data-elementor-open-lightbox=\"no\">                <div class=\"bwg-item0 \">          <div class=\"bwg-item1 \">            <div class=\"bwg-item2\">              <img decoding=\"async\" class=\"skip-lazy bwg_standart_thumb_img_0 \"                   data-id=\"11517\"                   data-width=\"\"                   data-height=\"\"                   data-src=\"https:\/\/balmardi.ch\/wp-content\/uploads\/photo-gallery\/thumb\/180911_Charmey_Pont_du_Roc_Bovatey_Praz-Jean_(18).jpg\"                   src=\"https:\/\/balmardi.ch\/wp-content\/uploads\/photo-gallery\/thumb\/180911_Charmey_Pont_du_Roc_Bovatey_Praz-Jean_(18).jpg\"                   alt=\" c\u00f4t\u00e9s.\"                   title=\" c\u00f4t\u00e9s.\" \/>            <\/div>            <div class=\"\">              <div class=\"bwg-title1\"><div class=\"bwg-title2\"> c\u00f4t\u00e9s.<\/div><\/div>                                        <\/div>          <\/div>        <\/div>                        <\/a>              <\/div>            <div class=\"bwg-item\">        <a class=\"bwg-a  bwg_lightbox\"  data-image-id=\"11518\" href=\"https:\/\/balmardi.ch\/wp-content\/uploads\/photo-gallery\/180911_Charmey_Pont_du_Roc_Bovatey_Praz-Jean_(19).jpg\" data-elementor-open-lightbox=\"no\">                <div class=\"bwg-item0 \">          <div class=\"bwg-item1 \">            <div class=\"bwg-item2\">              <img decoding=\"async\" class=\"skip-lazy bwg_standart_thumb_img_0 \"                   data-id=\"11518\"                   data-width=\"\"                   data-height=\"\"                   data-src=\"https:\/\/balmardi.ch\/wp-content\/uploads\/photo-gallery\/thumb\/180911_Charmey_Pont_du_Roc_Bovatey_Praz-Jean_(19).jpg\"                   src=\"https:\/\/balmardi.ch\/wp-content\/uploads\/photo-gallery\/thumb\/180911_Charmey_Pont_du_Roc_Bovatey_Praz-Jean_(19).jpg\"                   alt=\"Avec des chevaux sympa avant la\"                   title=\"Avec des chevaux sympa avant la\" \/>            <\/div>            <div class=\"\">              <div class=\"bwg-title1\"><div class=\"bwg-title2\">Avec des chevaux sympa avant la<\/div><\/div>                                        <\/div>          <\/div>        <\/div>                        <\/a>              <\/div>            <div class=\"bwg-item\">        <a class=\"bwg-a  bwg_lightbox\"  data-image-id=\"11515\" href=\"https:\/\/balmardi.ch\/wp-content\/uploads\/photo-gallery\/180911_Charmey_Pont_du_Roc_Bovatey_Praz-Jean_(21).jpg\" data-elementor-open-lightbox=\"no\">                <div class=\"bwg-item0 \">          <div class=\"bwg-item1 \">            <div class=\"bwg-item2\">              <img decoding=\"async\" class=\"skip-lazy bwg_standart_thumb_img_0 \"                   data-id=\"11515\"                   data-width=\"\"                   data-height=\"\"                   data-src=\"https:\/\/balmardi.ch\/wp-content\/uploads\/photo-gallery\/thumb\/180911_Charmey_Pont_du_Roc_Bovatey_Praz-Jean_(21).jpg\"                   src=\"https:\/\/balmardi.ch\/wp-content\/uploads\/photo-gallery\/thumb\/180911_Charmey_Pont_du_Roc_Bovatey_Praz-Jean_(21).jpg\"                   alt=\"descente vers le Gros Haut Cr\u00eat,\"                   title=\"descente vers le Gros Haut Cr\u00eat,\" \/>            <\/div>            <div class=\"\">              <div class=\"bwg-title1\"><div class=\"bwg-title2\">descente vers le Gros Haut Cr\u00eat,<\/div><\/div>                                        <\/div>          <\/div>        <\/div>                        <\/a>              <\/div>            <div class=\"bwg-item\">        <a class=\"bwg-a  bwg_lightbox\"  data-image-id=\"11519\" href=\"https:\/\/balmardi.ch\/wp-content\/uploads\/photo-gallery\/180911_Charmey_Pont_du_Roc_Bovatey_Praz-Jean_(22).jpg\" data-elementor-open-lightbox=\"no\">                <div class=\"bwg-item0 \">          <div class=\"bwg-item1 \">            <div class=\"bwg-item2\">              <img decoding=\"async\" class=\"skip-lazy bwg_standart_thumb_img_0 \"                   data-id=\"11519\"                   data-width=\"\"                   data-height=\"\"                   data-src=\"https:\/\/balmardi.ch\/wp-content\/uploads\/photo-gallery\/thumb\/180911_Charmey_Pont_du_Roc_Bovatey_Praz-Jean_(22).jpg\"                   src=\"https:\/\/balmardi.ch\/wp-content\/uploads\/photo-gallery\/thumb\/180911_Charmey_Pont_du_Roc_Bovatey_Praz-Jean_(22).jpg\"                   alt=\"Bovatey.\"                   title=\"Bovatey.\" \/>            <\/div>            <div class=\"\">              <div class=\"bwg-title1\"><div class=\"bwg-title2\">Bovatey.<\/div><\/div>                                        <\/div>          <\/div>        <\/div>                        <\/a>              <\/div>            <div class=\"bwg-item\">        <a class=\"bwg-a  bwg_lightbox\"  data-image-id=\"11511\" href=\"https:\/\/balmardi.ch\/wp-content\/uploads\/photo-gallery\/180911_Charmey_Pont_du_Roc_Bovatey_Praz-Jean_(23).jpg\" data-elementor-open-lightbox=\"no\">                <div class=\"bwg-item0 \">          <div class=\"bwg-item1 \">            <div class=\"bwg-item2\">              <img decoding=\"async\" class=\"skip-lazy bwg_standart_thumb_img_0 \"                   data-id=\"11511\"                   data-width=\"\"                   data-height=\"\"                   data-src=\"https:\/\/balmardi.ch\/wp-content\/uploads\/photo-gallery\/thumb\/180911_Charmey_Pont_du_Roc_Bovatey_Praz-Jean_(23).jpg\"                   src=\"https:\/\/balmardi.ch\/wp-content\/uploads\/photo-gallery\/thumb\/180911_Charmey_Pont_du_Roc_Bovatey_Praz-Jean_(23).jpg\"                   alt=\"La Dent de Savigny\"                   title=\"La Dent de Savigny\" \/>            <\/div>            <div class=\"\">              <div class=\"bwg-title1\"><div class=\"bwg-title2\">La Dent de Savigny<\/div><\/div>                                        <\/div>          <\/div>        <\/div>                        <\/a>              <\/div>            <div class=\"bwg-item\">        <a class=\"bwg-a  bwg_lightbox\"  data-image-id=\"11514\" href=\"https:\/\/balmardi.ch\/wp-content\/uploads\/photo-gallery\/180911_Charmey_Pont_du_Roc_Bovatey_Praz-Jean_(24).jpg\" data-elementor-open-lightbox=\"no\">                <div class=\"bwg-item0 \">          <div class=\"bwg-item1 \">            <div class=\"bwg-item2\">              <img decoding=\"async\" class=\"skip-lazy bwg_standart_thumb_img_0 \"                   data-id=\"11514\"                   data-width=\"\"                   data-height=\"\"                   data-src=\"https:\/\/balmardi.ch\/wp-content\/uploads\/photo-gallery\/thumb\/180911_Charmey_Pont_du_Roc_Bovatey_Praz-Jean_(24).jpg\"                   src=\"https:\/\/balmardi.ch\/wp-content\/uploads\/photo-gallery\/thumb\/180911_Charmey_Pont_du_Roc_Bovatey_Praz-Jean_(24).jpg\"                   alt=\"La Hochmatt avec\"                   title=\"La Hochmatt avec\" \/>            <\/div>            <div class=\"\">              <div class=\"bwg-title1\"><div class=\"bwg-title2\">La Hochmatt avec<\/div><\/div>                                        <\/div>          <\/div>        <\/div>                        <\/a>              <\/div>            <div class=\"bwg-item\">        <a class=\"bwg-a  bwg_lightbox\"  data-image-id=\"11512\" href=\"https:\/\/balmardi.ch\/wp-content\/uploads\/photo-gallery\/180911_Charmey_Pont_du_Roc_Bovatey_Praz-Jean_(26).jpg\" data-elementor-open-lightbox=\"no\">                <div class=\"bwg-item0 \">          <div class=\"bwg-item1 \">            <div class=\"bwg-item2\">              <img decoding=\"async\" class=\"skip-lazy bwg_standart_thumb_img_0 \"                   data-id=\"11512\"                   data-width=\"\"                   data-height=\"\"                   data-src=\"https:\/\/balmardi.ch\/wp-content\/uploads\/photo-gallery\/thumb\/180911_Charmey_Pont_du_Roc_Bovatey_Praz-Jean_(26).jpg\"                   src=\"https:\/\/balmardi.ch\/wp-content\/uploads\/photo-gallery\/thumb\/180911_Charmey_Pont_du_Roc_Bovatey_Praz-Jean_(26).jpg\"                   alt=\"au fond Im Fang\"                   title=\"au fond Im Fang\" \/>            <\/div>            <div class=\"\">              <div class=\"bwg-title1\"><div class=\"bwg-title2\">au fond Im Fang<\/div><\/div>                                        <\/div>          <\/div>        <\/div>                        <\/a>              <\/div>            <div class=\"bwg-item\">        <a class=\"bwg-a  bwg_lightbox\"  data-image-id=\"11509\" href=\"https:\/\/balmardi.ch\/wp-content\/uploads\/photo-gallery\/180911_Charmey_Pont_du_Roc_Bovatey_Praz-Jean_(27).jpg\" data-elementor-open-lightbox=\"no\">                <div class=\"bwg-item0 \">          <div class=\"bwg-item1 \">            <div class=\"bwg-item2\">              <img decoding=\"async\" class=\"skip-lazy bwg_standart_thumb_img_0 \"                   data-id=\"11509\"                   data-width=\"\"                   data-height=\"\"                   data-src=\"https:\/\/balmardi.ch\/wp-content\/uploads\/photo-gallery\/thumb\/180911_Charmey_Pont_du_Roc_Bovatey_Praz-Jean_(27).jpg\"                   src=\"https:\/\/balmardi.ch\/wp-content\/uploads\/photo-gallery\/thumb\/180911_Charmey_Pont_du_Roc_Bovatey_Praz-Jean_(27).jpg\"                   alt=\"Au Pra\"                   title=\"Au Pra\" \/>            <\/div>            <div class=\"\">              <div class=\"bwg-title1\"><div class=\"bwg-title2\">Au Pra<\/div><\/div>                                        <\/div>          <\/div>        <\/div>                        <\/a>              <\/div>            <div class=\"bwg-item\">        <a class=\"bwg-a  bwg_lightbox\"  data-image-id=\"11513\" href=\"https:\/\/balmardi.ch\/wp-content\/uploads\/photo-gallery\/180911_Charmey_Pont_du_Roc_Bovatey_Praz-Jean_(28).jpg\" data-elementor-open-lightbox=\"no\">                <div class=\"bwg-item0 \">          <div class=\"bwg-item1 \">            <div class=\"bwg-item2\">              <img decoding=\"async\" class=\"skip-lazy bwg_standart_thumb_img_0 \"                   data-id=\"11513\"                   data-width=\"\"                   data-height=\"\"                   data-src=\"https:\/\/balmardi.ch\/wp-content\/uploads\/photo-gallery\/thumb\/180911_Charmey_Pont_du_Roc_Bovatey_Praz-Jean_(28).jpg\"                   src=\"https:\/\/balmardi.ch\/wp-content\/uploads\/photo-gallery\/thumb\/180911_Charmey_Pont_du_Roc_Bovatey_Praz-Jean_(28).jpg\"                   alt=\"le Contin\"                   title=\"le Contin\" \/>            <\/div>            <div class=\"\">              <div class=\"bwg-title1\"><div class=\"bwg-title2\">le Contin<\/div><\/div>                                        <\/div>          <\/div>        <\/div>                        <\/a>              <\/div>            <div class=\"bwg-item\">        <a class=\"bwg-a  bwg_lightbox\"  data-image-id=\"11506\" href=\"https:\/\/balmardi.ch\/wp-content\/uploads\/photo-gallery\/180911_Charmey_Pont_du_Roc_Bovatey_Praz-Jean_(31).jpg\" data-elementor-open-lightbox=\"no\">                <div class=\"bwg-item0 \">          <div class=\"bwg-item1 \">            <div class=\"bwg-item2\">              <img decoding=\"async\" class=\"skip-lazy bwg_standart_thumb_img_0 \"                   data-id=\"11506\"                   data-width=\"\"                   data-height=\"\"                   data-src=\"https:\/\/balmardi.ch\/wp-content\/uploads\/photo-gallery\/thumb\/180911_Charmey_Pont_du_Roc_Bovatey_Praz-Jean_(31).jpg\"                   src=\"https:\/\/balmardi.ch\/wp-content\/uploads\/photo-gallery\/thumb\/180911_Charmey_Pont_du_Roc_Bovatey_Praz-Jean_(31).jpg\"                   alt=\"et la face impressionnante du Verdy pour\"                   title=\"et la face impressionnante du Verdy pour\" \/>            <\/div>            <div class=\"\">              <div class=\"bwg-title1\"><div class=\"bwg-title2\">et la face impressionnante du Verdy pour<\/div><\/div>                                        <\/div>          <\/div>        <\/div>                        <\/a>              <\/div>            <div class=\"bwg-item\">        <a class=\"bwg-a  bwg_lightbox\"  data-image-id=\"11508\" href=\"https:\/\/balmardi.ch\/wp-content\/uploads\/photo-gallery\/180911_Charmey_Pont_du_Roc_Bovatey_Praz-Jean_(32).jpg\" data-elementor-open-lightbox=\"no\">                <div class=\"bwg-item0 \">          <div class=\"bwg-item1 \">            <div class=\"bwg-item2\">              <img decoding=\"async\" class=\"skip-lazy bwg_standart_thumb_img_0 \"                   data-id=\"11508\"                   data-width=\"\"                   data-height=\"\"                   data-src=\"https:\/\/balmardi.ch\/wp-content\/uploads\/photo-gallery\/thumb\/180911_Charmey_Pont_du_Roc_Bovatey_Praz-Jean_(32).jpg\"                   src=\"https:\/\/balmardi.ch\/wp-content\/uploads\/photo-gallery\/thumb\/180911_Charmey_Pont_du_Roc_Bovatey_Praz-Jean_(32).jpg\"                   alt=\"finir dans les verts p\u00e2turages!\"                   title=\"finir dans les verts p\u00e2turages!\" \/>            <\/div>            <div class=\"\">              <div class=\"bwg-title1\"><div class=\"bwg-title2\">finir dans les verts p\u00e2turages!<\/div><\/div>                                        <\/div>          <\/div>        <\/div>                        <\/a>              <\/div>          <\/div>    <style>      \/*pagination styles*\/      #bwg_container1_0 #bwg_container2_0 .tablenav-pages_0 {\t\t\t\ttext-align: center;\t\t\t\tfont-size: 12px;\t\t\t\tfont-family: segoe ui;\t\t\t\tfont-weight: bold;\t\t\t\tcolor: #666666;\t\t\t\tmargin: 6px 0 4px;\t\t\t\tdisplay: block;      }      @media only screen and (max-width : 320px) {      #bwg_container1_0 #bwg_container2_0 .displaying-num_0 {     \t display: none;      }      }      #bwg_container1_0 #bwg_container2_0 .displaying-num_0 {\t\t\t\tfont-size: 12px;\t\t\t\tfont-family: segoe ui;\t\t\t\tfont-weight: bold;\t\t\t\tcolor: #666666;\t\t\t\tmargin-right: 10px;\t\t\t\tvertical-align: middle;      }      #bwg_container1_0 #bwg_container2_0 .paging-input_0 {\t\t\t\tfont-size: 12px;\t\t\t\tfont-family: segoe ui;\t\t\t\tfont-weight: bold;\t\t\t\tcolor: #666666;\t\t\t\tvertical-align: middle;      }      #bwg_container1_0 #bwg_container2_0 .tablenav-pages_0 a.disabled,      #bwg_container1_0 #bwg_container2_0 .tablenav-pages_0 a.disabled:hover,      #bwg_container1_0 #bwg_container2_0 .tablenav-pages_0 a.disabled:focus,\t\t\t#bwg_container1_0 #bwg_container2_0 .tablenav-pages_0 input.bwg_current_page {\t\t\t\tcursor: default;\t\t\t\tcolor: rgba(102, 102, 102, 0.5);      }      #bwg_container1_0 #bwg_container2_0 .tablenav-pages_0 a,      #bwg_container1_0 #bwg_container2_0 .tablenav-pages_0 input.bwg_current_page {\t\t\t\tcursor: pointer;\t\t\t\ttext-align: center;\t\t\t\tfont-size: 12px;\t\t\t\tfont-family: segoe ui;\t\t\t\tfont-weight: bold;\t\t\t\tcolor: #666666;\t\t\t\ttext-decoration: none;\t\t\t\tpadding: 3px 6px;\t\t\t\tmargin: 0;\t\t\t\tborder-radius: 0;\t\t\t\tborder-style: solid;\t\t\t\tborder-width: 1px;\t\t\t\tborder-color: #E3E3E3;\t\t\t\t\t\t\t\tbackground-color: rgba(255, 255, 255, 1.00);\t\t\t\tbox-shadow: 0;\t\t\t\ttransition: all 0.3s ease 0s;-webkit-transition: all 0.3s ease 0s;      }      <\/style>      <span class=\"bwg_nav_cont_0\">              <div class=\"tablenav-pages_0\">                  <\/div>                <input type=\"hidden\" id=\"page_number_0\" name=\"page_number_0\" value=\"1\" \/>      <script type=\"text\/javascript\">        if( jQuery('.bwg_nav_cont_0').length > 1 ) {          jQuery('.bwg_nav_cont_0').first().remove()        }        function spider_page_0(cur, x, y, load_more) {          if (typeof load_more == \"undefined\") {            var load_more = false;          }          if (jQuery(cur).hasClass('disabled')) {            return false;          }          var items_county_0 = 1;          switch (y) {            case 1:              if (x >= items_county_0) {                document.getElementById('page_number_0').value = items_county_0;              }              else {                document.getElementById('page_number_0').value = x + 1;              }              break;            case 2:              document.getElementById('page_number_0').value = items_county_0;              break;            case -1:              if (x == 1) {                document.getElementById('page_number_0').value = 1;              }              else {                document.getElementById('page_number_0').value = x - 1;              }              break;            case -2:              document.getElementById('page_number_0').value = 1;              break;\t\t\t\t\t\tcase 0:              document.getElementById('page_number_0').value = x;              break;            default:              document.getElementById('page_number_0').value = 1;          }          bwg_ajax('gal_front_form_0', '0', 'bwg_thumbnails_0', '0', '', 'gallery', 0, '', '', load_more, '', 1);        }                    jQuery('.first-page-0').on('click', function () {              spider_page_0(this, 1, -2, 'numeric');              return false;            });            jQuery('.prev-page-0').on('click', function () {              spider_page_0(this, 1, -1, 'numeric');              return false;            });            jQuery('.next-page-0').on('click', function () {              spider_page_0(this, 1, 1, 'numeric');              return false;            });            jQuery('.last-page-0').on('click', function () {              spider_page_0(this, 1, 2, 'numeric');              return false;            });        \t\t\t\t\/* Change page on input enter. *\/        function bwg_change_page_0( e, that ) {          if (  e.key == 'Enter' ) {            var to_page = parseInt(jQuery(that).val());            var pages_count = jQuery(that).parents(\".pagination-links\").data(\"pages-count\");            var current_url_param = jQuery(that).attr('data-url-info');            if (to_page > pages_count) {              to_page = 1;            }\t \t\t\t\t\t\t\t\t\t\t\t\tspider_page_0(this, to_page, 0, 'numeric');\t\t\t\t\t\t\treturn false;\t\t\t\t\t\t          }          return true;        }        jQuery('.bwg_load_btn_0').on('click', function () {            spider_page_0(this, 1, 1, true);            return false;        });      <\/script>      <\/span>                <\/div>        <\/form>        <style>          #bwg_container1_0 #bwg_container2_0 #spider_popup_overlay_0 {          background-color: #000000;          opacity: 0.70;          }          <\/style>        <div id=\"bwg_spider_popup_loading_0\" class=\"bwg_spider_popup_loading\"><\/div>        <div id=\"spider_popup_overlay_0\" class=\"spider_popup_overlay\" onclick=\"spider_destroypopup(1000)\"><\/div>        <input type=\"hidden\" id=\"bwg_random_seed_0\" value=\"213124135\">                <\/div>    <\/div>    <script>      if (document.readyState === 'complete') {        if( typeof bwg_main_ready == 'function' ) {          if ( jQuery(\"#bwg_container1_0\").height() ) {            bwg_main_ready(jQuery(\"#bwg_container1_0\"));          }        }      } else {        document.addEventListener('DOMContentLoaded', function() {          if( typeof bwg_main_ready == 'function' ) {            if ( jQuery(\"#bwg_container1_0\").height() ) {             bwg_main_ready(jQuery(\"#bwg_container1_0\"));            }          }        });      }    <\/script>    <\/p>\n<h3 style=\"text-align: center;\"><a href=\"https:\/\/map.schweizmobil.ch\/?lang=fr&amp;bgLayer=pk&amp;resolution=1.47&amp;season=summer&amp;E=2580682&amp;N=1161481&amp;photos=yes&amp;logo=yes&amp;trackId=4901887\" target=\"_blank\" rel=\"noopener noreferrer\">Charmey Pont du Roc les Craux court<\/a><\/h3>\n<p style=\"text-align: center;\">Distance: 4910m D\u00e9nivellation: 409m Dur\u00e9e: 2h08<br \/>\nPhotos du 11 septembre 2018: Voir aussi ci-dessus.<\/p>\n","protected":false},"excerpt":{"rendered":"<p>Charmey Pont du Roc Bovatey Praz-Jean Distance: 12550m D\u00e9nivellation: 753m Dur\u00e9e: 4h23 Photos du 11 septembre 2018: Charmey Pont du Roc les Craux court Distance: 4910m D\u00e9nivellation: 409m Dur\u00e9e: 2h08 Photos du 11 septembre 2018: Voir aussi ci-dessus.<\/p>\n","protected":false},"author":1,"featured_media":0,"parent":0,"menu_order":0,"comment_status":"closed","ping_status":"closed","template":"","meta":{"two_page_speed":[],"footnotes":""},"class_list":["post-4517","page","type-page","status-publish","hentry"],"_links":{"self":[{"href":"https:\/\/balmardi.ch\/index.php\/wp-json\/wp\/v2\/pages\/4517","targetHints":{"allow":["GET"]}}],"collection":[{"href":"https:\/\/balmardi.ch\/index.php\/wp-json\/wp\/v2\/pages"}],"about":[{"href":"https:\/\/balmardi.ch\/index.php\/wp-json\/wp\/v2\/types\/page"}],"author":[{"embeddable":true,"href":"https:\/\/balmardi.ch\/index.php\/wp-json\/wp\/v2\/users\/1"}],"replies":[{"embeddable":true,"href":"https:\/\/balmardi.ch\/index.php\/wp-json\/wp\/v2\/comments?post=4517"}],"version-history":[{"count":7,"href":"https:\/\/balmardi.ch\/index.php\/wp-json\/wp\/v2\/pages\/4517\/revisions"}],"predecessor-version":[{"id":6857,"href":"https:\/\/balmardi.ch\/index.php\/wp-json\/wp\/v2\/pages\/4517\/revisions\/6857"}],"wp:attachment":[{"href":"https:\/\/balmardi.ch\/index.php\/wp-json\/wp\/v2\/media?parent=4517"}],"curies":[{"name":"wp","href":"https:\/\/api.w.org\/{rel}","templated":true}]}}